{"id":1100,"date":"2023-07-26T17:58:25","date_gmt":"2023-07-26T17:58:25","guid":{"rendered":"http:\/\/calespachs.local.jamgo.org\/nouvelles\/"},"modified":"2023-11-12T17:50:23","modified_gmt":"2023-11-12T17:50:23","slug":"nouvelles","status":"publish","type":"page","link":"https:\/\/www.calespachs.com\/fr\/nouvelles\/","title":{"rendered":"NOUVELLES"},"content":{"rendered":"\n<div class=\"wp-block-columns is-layout-flex wp-container-core-columns-is-layout-9d6595d7 wp-block-columns-is-layout-flex\">\n<div class=\"wp-block-column is-layout-flow wp-block-column-is-layout-flow\">\n<p class=\"has-text-align-center has-black-color has-text-color has-x-large-font-size\">REMERCIEMENTS<\/p>\n\n\n<div id=\"list-Reconeixements\"><ul class=\"latest-posts-list flex flex-col md:grid grid-cols-3 gap-6 list-none\"><li><div class=\"latest-posts-featured-image mb-3\"><a href=\"https:\/\/www.calespachs.com\/fr\/cales-de-pachs-remporte-le-prix-fegp-de-linnovation\/\" aria-label=\"CALES DE PACHS REMPORTE LE PRIX FEGP DE L&rsquo;INNOVATION\"><img loading=\"lazy\" decoding=\"async\" width=\"500\" height=\"333\" src=\"https:\/\/www.calespachs.com\/wp-content\/uploads\/2023\/08\/FEGP-Innovacio-bona-1.png\" class=\"attachment-large size-large wp-post-image\" alt=\"\" srcset=\"https:\/\/www.calespachs.com\/wp-content\/uploads\/2023\/08\/FEGP-Innovacio-bona-1.png 500w, https:\/\/www.calespachs.com\/wp-content\/uploads\/2023\/08\/FEGP-Innovacio-bona-1-300x200.png 300w\" sizes=\"auto, (max-width: 500px) 100vw, 500px\" \/><\/a><\/div><a class=\"latest-posts-post-title\" href=\"https:\/\/www.calespachs.com\/fr\/cales-de-pachs-remporte-le-prix-fegp-de-linnovation\/\">CALES DE PACHS REMPORTE LE PRIX FEGP DE L&rsquo;INNOVATION<\/a><\/li><li><div class=\"latest-posts-featured-image mb-3\"><a href=\"https:\/\/www.calespachs.com\/fr\/prix-national-de-lenvironnement-du-ministere-de-la-transition-ecologique-et-du-defi-demographique\/\" aria-label=\"PRIX NATIONAL DE L&rsquo;ENVIRONNEMENT DU MINIST\u00c8RE DE LA TRANSITION \u00c9COLOGIQUE ET DU D\u00c9FI D\u00c9MOGRAPHIQUE\"><img loading=\"lazy\" decoding=\"async\" width=\"500\" height=\"334\" src=\"https:\/\/www.calespachs.com\/wp-content\/uploads\/2023\/08\/Ministra-i-XAvi-Premi-NAcinoal-MA-bona.png\" class=\"attachment-large size-large wp-post-image\" alt=\"\" srcset=\"https:\/\/www.calespachs.com\/wp-content\/uploads\/2023\/08\/Ministra-i-XAvi-Premi-NAcinoal-MA-bona.png 500w, https:\/\/www.calespachs.com\/wp-content\/uploads\/2023\/08\/Ministra-i-XAvi-Premi-NAcinoal-MA-bona-300x200.png 300w\" sizes=\"auto, (max-width: 500px) 100vw, 500px\" \/><\/a><\/div><a class=\"latest-posts-post-title\" href=\"https:\/\/www.calespachs.com\/fr\/prix-national-de-lenvironnement-du-ministere-de-la-transition-ecologique-et-du-defi-demographique\/\">PRIX NATIONAL DE L&rsquo;ENVIRONNEMENT DU MINIST\u00c8RE DE LA TRANSITION \u00c9COLOGIQUE ET DU D\u00c9FI D\u00c9MOGRAPHIQUE<\/a><\/li><li><div class=\"latest-posts-featured-image mb-3\"><a href=\"https:\/\/www.calespachs.com\/fr\/prix-des-talents-chamber-2021-dans-la-categorie-transition-energetique\/\" aria-label=\"PRIX DES TALENTS CHAMBER 2021 DANS LA CAT\u00c9GORIE TRANSITION \u00c9NERG\u00c9TIQUE\"><img loading=\"lazy\" decoding=\"async\" width=\"640\" height=\"427\" src=\"https:\/\/www.calespachs.com\/wp-content\/uploads\/2023\/07\/Premi-Talentum-e1695473496486.jpg\" class=\"attachment-large size-large wp-post-image\" alt=\"\" \/><\/a><\/div><a class=\"latest-posts-post-title\" href=\"https:\/\/www.calespachs.com\/fr\/prix-des-talents-chamber-2021-dans-la-categorie-transition-energetique\/\">PRIX DES TALENTS CHAMBER 2021 DANS LA CAT\u00c9GORIE TRANSITION \u00c9NERG\u00c9TIQUE<\/a><\/li><li><div class=\"latest-posts-featured-image mb-3\"><a href=\"https:\/\/www.calespachs.com\/fr\/recognition-in-cales-de-pachs-for-the-innovative-bet\/\" aria-label=\"RECONNAISSANCE \u00c0 CALES DE PACHS POUR LE PARI INNOVANT\"><img loading=\"lazy\" decoding=\"async\" width=\"640\" height=\"427\" src=\"https:\/\/www.calespachs.com\/wp-content\/uploads\/2023\/07\/Cales-de-Pachs-020-e1695473793969.jpg\" class=\"attachment-large size-large wp-post-image\" alt=\"\" \/><\/a><\/div><a class=\"latest-posts-post-title\" href=\"https:\/\/www.calespachs.com\/fr\/recognition-in-cales-de-pachs-for-the-innovative-bet\/\">RECONNAISSANCE \u00c0 CALES DE PACHS POUR LE PARI INNOVANT<\/a><\/li><li><div class=\"latest-posts-featured-image mb-3\"><a href=\"https:\/\/www.calespachs.com\/fr\/prix-uep-2016-pour-laccidentabilite-0\/\" aria-label=\"PRIX UEP 2016 POUR L&rsquo;ACCIDENTABILIT\u00c9 0\"><img loading=\"lazy\" decoding=\"async\" width=\"500\" height=\"334\" src=\"https:\/\/www.calespachs.com\/wp-content\/uploads\/2023\/07\/Premi-UEP-2016-1.png\" class=\"attachment-large size-large wp-post-image\" alt=\"\" srcset=\"https:\/\/www.calespachs.com\/wp-content\/uploads\/2023\/07\/Premi-UEP-2016-1.png 500w, https:\/\/www.calespachs.com\/wp-content\/uploads\/2023\/07\/Premi-UEP-2016-1-300x200.png 300w\" sizes=\"auto, (max-width: 500px) 100vw, 500px\" \/><\/a><\/div><a class=\"latest-posts-post-title\" href=\"https:\/\/www.calespachs.com\/fr\/prix-uep-2016-pour-laccidentabilite-0\/\">PRIX UEP 2016 POUR L&rsquo;ACCIDENTABILIT\u00c9 0<\/a><\/li><li><div class=\"latest-posts-featured-image mb-3\"><a href=\"https:\/\/www.calespachs.com\/fr\/prix-environnement-2008-de-la-generalite-de-catalogne\/\" aria-label=\"PRIX ENVIRONNEMENT 2008 DE LA G\u00c9N\u00c9RALIT\u00c9 DE CATALOGNE\"><img loading=\"lazy\" decoding=\"async\" width=\"640\" height=\"425\" src=\"https:\/\/www.calespachs.com\/wp-content\/uploads\/2023\/07\/Premi-MA-Generalitat-e1695478906942.jpg\" class=\"attachment-large size-large wp-post-image\" alt=\"\" \/><\/a><\/div><a class=\"latest-posts-post-title\" href=\"https:\/\/www.calespachs.com\/fr\/prix-environnement-2008-de-la-generalite-de-catalogne\/\">PRIX ENVIRONNEMENT 2008 DE LA G\u00c9N\u00c9RALIT\u00c9 DE CATALOGNE<\/a><\/li><\/ul><\/div><div class=\"pagination flex justify-end space-x-6\"><a href=\"#\" class=\"load-more-posts current\" data-page=\"1\" data-category=\"Reconeixements\">1<\/a><a href=\"#\" class=\"load-more-posts \" data-page=\"2\" data-category=\"Reconeixements\">2<\/a><a href=\"#\" class=\"load-more-posts\" data-page=\"2\" data-category=\"Reconeixements\"> > <\/a><\/div>\n<\/div>\n<\/div>\n\n<div class=\"wp-block-columns transparencia33 is-layout-flex wp-container-core-columns-is-layout-9d6595d7 wp-block-columns-is-layout-flex\">\n<div class=\"wp-block-column is-layout-flow wp-block-column-is-layout-flow\">\n<p class=\"has-text-align-center has-black-color has-text-color has-x-large-font-size\">NOUVELLES<\/p>\n\n\n<div id=\"list-Actualitat\"><ul class=\"latest-posts-list flex flex-col md:grid grid-cols-3 gap-6 list-none\"><li><div class=\"latest-posts-featured-image mb-3\"><a href=\"https:\/\/www.calespachs.com\/fr\/cales-de-pachs-achete-une-ferme-de-61-ha-pour-consolider-son-engagement-en-faveur-dun-environnement-durable\/\" aria-label=\"Cales de Pachs ach\u00e8te une ferme de 6,1 ha pour consolider son engagement en faveur d&rsquo;un environnement durable\"><img loading=\"lazy\" decoding=\"async\" width=\"500\" height=\"332\" src=\"https:\/\/www.calespachs.com\/wp-content\/uploads\/2023\/07\/admin-ajax-2.png\" class=\"attachment-large size-large wp-post-image\" alt=\"\" srcset=\"https:\/\/www.calespachs.com\/wp-content\/uploads\/2023\/07\/admin-ajax-2.png 500w, https:\/\/www.calespachs.com\/wp-content\/uploads\/2023\/07\/admin-ajax-2-300x199.png 300w\" sizes=\"auto, (max-width: 500px) 100vw, 500px\" \/><\/a><\/div><a class=\"latest-posts-post-title\" href=\"https:\/\/www.calespachs.com\/fr\/cales-de-pachs-achete-une-ferme-de-61-ha-pour-consolider-son-engagement-en-faveur-dun-environnement-durable\/\">Cales de Pachs ach\u00e8te une ferme de 6,1 ha pour consolider son engagement en faveur d&rsquo;un environnement durable<\/a><\/li><li><div class=\"latest-posts-featured-image mb-3\"><a href=\"https:\/\/www.calespachs.com\/fr\/cales-de-pachs-licn2-et-sorigue-testent-un-materiau-qui-permet-de-capter-le-co2-sur-les-surfaces\/\" aria-label=\"Cales de Pachs, l&rsquo;ICN2 et Sorigu\u00e9 testent un mat\u00e9riau qui permet de capter le CO2 sur les surfaces\"><img loading=\"lazy\" decoding=\"async\" width=\"500\" height=\"333\" src=\"https:\/\/www.calespachs.com\/wp-content\/uploads\/2023\/04\/admin-ajax.png\" class=\"attachment-large size-large wp-post-image\" alt=\"\" srcset=\"https:\/\/www.calespachs.com\/wp-content\/uploads\/2023\/04\/admin-ajax.png 500w, https:\/\/www.calespachs.com\/wp-content\/uploads\/2023\/04\/admin-ajax-300x200.png 300w\" sizes=\"auto, (max-width: 500px) 100vw, 500px\" \/><\/a><\/div><a class=\"latest-posts-post-title\" href=\"https:\/\/www.calespachs.com\/fr\/cales-de-pachs-licn2-et-sorigue-testent-un-materiau-qui-permet-de-capter-le-co2-sur-les-surfaces\/\">Cales de Pachs, l&rsquo;ICN2 et Sorigu\u00e9 testent un mat\u00e9riau qui permet de capter le CO2 sur les surfaces<\/a><\/li><li><div class=\"latest-posts-featured-image mb-3\"><a href=\"https:\/\/www.calespachs.com\/fr\/cales-de-pachs-cloture-lannee-2022-en-battant-son-record-de-chiffre-daffaires\/\" aria-label=\"Cales de Pachs cl\u00f4ture l&rsquo;ann\u00e9e 2022 en battant son record de chiffre d&rsquo;affaires\"><img loading=\"lazy\" decoding=\"async\" width=\"640\" height=\"480\" src=\"https:\/\/www.calespachs.com\/wp-content\/uploads\/2023\/07\/Cales-de-Pachs-003-e1699815661658.jpg\" class=\"attachment-large size-large wp-post-image\" alt=\"\" \/><\/a><\/div><a class=\"latest-posts-post-title\" href=\"https:\/\/www.calespachs.com\/fr\/cales-de-pachs-cloture-lannee-2022-en-battant-son-record-de-chiffre-daffaires\/\">Cales de Pachs cl\u00f4ture l&rsquo;ann\u00e9e 2022 en battant son record de chiffre d&rsquo;affaires<\/a><\/li><li><div class=\"latest-posts-featured-image mb-3\"><a href=\"https:\/\/www.calespachs.com\/fr\/la-chaux-est-capable-de-capter-jusqua-40-du-co2-emis-lors-de-sa-fabrication\/\" aria-label=\"La chaux est capable de capter jusqu&rsquo;\u00e0 40% du CO2 \u00e9mis lors de sa fabrication\"><img loading=\"lazy\" decoding=\"async\" width=\"640\" height=\"479\" src=\"https:\/\/www.calespachs.com\/wp-content\/uploads\/2023\/09\/P1010129-e1699815737871.jpg\" class=\"attachment-large size-large wp-post-image\" alt=\"\" \/><\/a><\/div><a class=\"latest-posts-post-title\" href=\"https:\/\/www.calespachs.com\/fr\/la-chaux-est-capable-de-capter-jusqua-40-du-co2-emis-lors-de-sa-fabrication\/\">La chaux est capable de capter jusqu&rsquo;\u00e0 40% du CO2 \u00e9mis lors de sa fabrication<\/a><\/li><li><div class=\"latest-posts-featured-image mb-3\"><a href=\"https:\/\/www.calespachs.com\/fr\/le-ministre-de-lentreprise-et-de-lemploi-roger-torrent-visite-le-siege-de-cales-de-pachs\/\" aria-label=\"Le ministre de l&rsquo;Entreprise et de l&rsquo;Emploi, Roger Torrent, visite le si\u00e8ge de Cales de Pachs\"><img loading=\"lazy\" decoding=\"async\" width=\"500\" height=\"333\" src=\"https:\/\/www.calespachs.com\/wp-content\/uploads\/2022\/07\/Torrent.png\" class=\"attachment-large size-large wp-post-image\" alt=\"\" srcset=\"https:\/\/www.calespachs.com\/wp-content\/uploads\/2022\/07\/Torrent.png 500w, https:\/\/www.calespachs.com\/wp-content\/uploads\/2022\/07\/Torrent-300x200.png 300w\" sizes=\"auto, (max-width: 500px) 100vw, 500px\" \/><\/a><\/div><a class=\"latest-posts-post-title\" href=\"https:\/\/www.calespachs.com\/fr\/le-ministre-de-lentreprise-et-de-lemploi-roger-torrent-visite-le-siege-de-cales-de-pachs\/\">Le ministre de l&rsquo;Entreprise et de l&rsquo;Emploi, Roger Torrent, visite le si\u00e8ge de Cales de Pachs<\/a><\/li><li><div class=\"latest-posts-featured-image mb-3\"><a href=\"https:\/\/www.calespachs.com\/fr\/cales-de-pachs-remporte-le-prix-de-linnovation-fegp-2022\/\" aria-label=\"Cales de Pachs remporte le prix de l&rsquo;innovation FEGP 2022\"><img loading=\"lazy\" decoding=\"async\" width=\"500\" height=\"375\" src=\"https:\/\/www.calespachs.com\/wp-content\/uploads\/2023\/08\/Premi-FEGP-e1699815922817.jpg\" class=\"attachment-large size-large wp-post-image\" alt=\"\" \/><\/a><\/div><a class=\"latest-posts-post-title\" href=\"https:\/\/www.calespachs.com\/fr\/cales-de-pachs-remporte-le-prix-de-linnovation-fegp-2022\/\">Cales de Pachs remporte le prix de l&rsquo;innovation FEGP 2022<\/a><\/li><\/ul><\/div><div class=\"pagination flex justify-end space-x-6\"><a href=\"#\" class=\"load-more-posts current\" data-page=\"1\" data-category=\"Actualitat\">1<\/a><a href=\"#\" class=\"load-more-posts \" data-page=\"2\" data-category=\"Actualitat\">2<\/a><a href=\"#\" class=\"load-more-posts \" data-page=\"3\" data-category=\"Actualitat\">3<\/a><a href=\"#\" class=\"load-more-posts\" data-page=\"3\" data-category=\"Actualitat\"> > <\/a><\/div>\n<\/div>\n<\/div>\n","protected":false},"excerpt":{"rendered":"<p>REMERCIEMENTS NOUVELLES<\/p>\n","protected":false},"author":1,"featured_media":337,"parent":0,"menu_order":0,"comment_status":"closed","ping_status":"closed","template":"template\/template-actualitat.php","meta":{"_acf_changed":false,"footnotes":""},"class_list":["post-1100","page","type-page","status-publish","has-post-thumbnail","hentry"],"acf":[],"_links":{"self":[{"href":"https:\/\/www.calespachs.com\/fr\/wp-json\/wp\/v2\/pages\/1100","targetHints":{"allow":["GET"]}}],"collection":[{"href":"https:\/\/www.calespachs.com\/fr\/wp-json\/wp\/v2\/pages"}],"about":[{"href":"https:\/\/www.calespachs.com\/fr\/wp-json\/wp\/v2\/types\/page"}],"author":[{"embeddable":true,"href":"https:\/\/www.calespachs.com\/fr\/wp-json\/wp\/v2\/users\/1"}],"replies":[{"embeddable":true,"href":"https:\/\/www.calespachs.com\/fr\/wp-json\/wp\/v2\/comments?post=1100"}],"version-history":[{"count":1,"href":"https:\/\/www.calespachs.com\/fr\/wp-json\/wp\/v2\/pages\/1100\/revisions"}],"predecessor-version":[{"id":1101,"href":"https:\/\/www.calespachs.com\/fr\/wp-json\/wp\/v2\/pages\/1100\/revisions\/1101"}],"wp:featuredmedia":[{"embeddable":true,"href":"https:\/\/www.calespachs.com\/fr\/wp-json\/wp\/v2\/media\/337"}],"wp:attachment":[{"href":"https:\/\/www.calespachs.com\/fr\/wp-json\/wp\/v2\/media?parent=1100"}],"curies":[{"name":"wp","href":"https:\/\/api.w.org\/{rel}","templated":true}]}}