{"id":1042,"date":"2023-07-24T19:55:41","date_gmt":"2023-07-24T19:55:41","guid":{"rendered":"http:\/\/calespachs.local.jamgo.org\/durable-et-responsable\/"},"modified":"2024-07-19T07:36:42","modified_gmt":"2024-07-19T07:36:42","slug":"durable-et-responsable","status":"publish","type":"page","link":"https:\/\/www.calespachs.com\/fr\/durable-et-responsable\/","title":{"rendered":"DURABLE ET RESPONSABLE"},"content":{"rendered":"\n<div class=\"wp-block-columns is-layout-flex wp-container-core-columns-is-layout-9d6595d7 wp-block-columns-is-layout-flex\">\n<div class=\"wp-block-column is-layout-flow wp-block-column-is-layout-flow\">\n<p class=\"has-text-align-center has-black-color has-text-color has-medium-font-size\">La philosophie de Cales de Pachs est bas\u00e9e sur la croissance durable et la responsabilit\u00e9 sociale. Depuis plus d&rsquo;une d\u00e9cennie, nous utilisons de l&rsquo;\u00e9nergie verte dans nos processus de production et nous collaborons avec les municipalit\u00e9s qui nous entourent pour maintenir l&rsquo;\u00e9quilibre entre notre activit\u00e9 et la soci\u00e9t\u00e9 qui nous entoure.<\/p>\n<\/div>\n<\/div>\n\n\n\n<div class=\"wp-block-group\"><div class=\"wp-block-group__inner-container is-layout-constrained wp-block-group-is-layout-constrained\">\n<div class=\"wp-block-columns are-vertically-aligned-center space-x-10 is-layout-flex wp-container-core-columns-is-layout-9d6595d7 wp-block-columns-is-layout-flex\">\n<div class=\"wp-block-column is-vertically-aligned-center is-layout-flow wp-block-column-is-layout-flow\">\n<div class=\"wp-block-cover aligncenter is-light wp-duotone-unset-1\" style=\"min-height:392px;aspect-ratio:unset;\"><span aria-hidden=\"true\" class=\"wp-block-cover__background has-background-dim-30 has-background-dim\" style=\"background-color:#b27e63\"><\/span><img decoding=\"async\" class=\"wp-block-cover__image-background wp-image-456\" alt=\"\" src=\"https:\/\/www.calespachs.com\/wp-content\/uploads\/2023\/07\/ccd3999d0936e64036ba3573d3b5c5e16d029c4a-e1699817316201.png\" data-object-fit=\"cover\"\/><div class=\"wp-block-cover__inner-container is-layout-flow wp-block-cover-is-layout-flow\">\n<p class=\"has-text-align-center has-white-color has-text-color\" style=\"font-size:51px\">PR\u00c9SERVONS LA PLAN\u00c8TE<\/p>\n<\/div><\/div>\n<\/div>\n\n\n\n<div class=\"wp-block-column is-vertically-aligned-center is-layout-flow wp-block-column-is-layout-flow\">\n<p class=\"has-black-color has-text-color\">\u00c0 Cales de Pachs, nous utilisons depuis des ann\u00e9es des combustibles alternatifs pour produire notre chaux. Pr\u00e8s de 50 % du carburant que nous utilisons provient d\u2019\u00e9nergies renouvelables. De plus, nous appliquons de nouvelles technologies pour r\u00e9duire les \u00e9missions de CO2.<\/p>\n<\/div>\n<\/div>\n\n\n\n<div class=\"wp-block-columns are-vertically-aligned-center is-layout-flex wp-container-core-columns-is-layout-9d6595d7 wp-block-columns-is-layout-flex\">\n<div class=\"wp-block-column is-vertically-aligned-center is-layout-flow wp-block-column-is-layout-flow\">\n<p class=\"has-black-color has-text-color\">Poursuivant notre engagement en faveur d&rsquo;une plan\u00e8te plus durable, nous avons plant\u00e9 ces derni\u00e8res ann\u00e9es pr\u00e8s d&rsquo;un millier d&rsquo;arbres autour de notre entreprise qui nous permettent de capter plus de 30 000 tonnes de co2 par an.<\/p>\n<\/div>\n\n\n\n<div class=\"wp-block-column is-vertically-aligned-center is-layout-flow wp-block-column-is-layout-flow\">\n<div class=\"wp-block-cover aligncenter is-light wp-duotone-unset-2\" style=\"min-height:392px;aspect-ratio:unset;\"><span aria-hidden=\"true\" class=\"wp-block-cover__background has-background-dim-30 has-background-dim\"><\/span><img loading=\"lazy\" decoding=\"async\" width=\"465\" height=\"503\" class=\"wp-block-cover__image-background wp-image-450\" alt=\"\" src=\"http:\/\/calespachs.local.jamgo.org\/wp-content\/uploads\/2023\/07\/31ca92551e4d18b04078fa390c3885e5682c0c53.png\" data-object-fit=\"cover\" srcset=\"https:\/\/www.calespachs.com\/wp-content\/uploads\/2023\/07\/31ca92551e4d18b04078fa390c3885e5682c0c53.png 465w, https:\/\/www.calespachs.com\/wp-content\/uploads\/2023\/07\/31ca92551e4d18b04078fa390c3885e5682c0c53-277x300.png 277w\" sizes=\"auto, (max-width: 465px) 100vw, 465px\" \/><div class=\"wp-block-cover__inner-container is-layout-flow wp-block-cover-is-layout-flow\">\n<p class=\"has-text-align-center has-white-color has-text-color\" style=\"font-size:51px\"><strong>FORET\r\nDURABLE<\/strong><\/p>\n<\/div><\/div>\n<\/div>\n<\/div>\n\n\n\n<div class=\"wp-block-columns are-vertically-aligned-center is-layout-flex wp-container-core-columns-is-layout-9d6595d7 wp-block-columns-is-layout-flex\">\n<div class=\"wp-block-column is-vertically-aligned-center is-layout-flow wp-block-column-is-layout-flow\">\n<div class=\"wp-block-cover aligncenter wp-duotone-unset-3\" style=\"min-height:392px;aspect-ratio:unset;\"><span aria-hidden=\"true\" class=\"wp-block-cover__background has-background-dim-30 has-background-dim\"><\/span><img loading=\"lazy\" decoding=\"async\" width=\"850\" height=\"478\" class=\"wp-block-cover__image-background wp-image-579\" alt=\"\" src=\"http:\/\/calespachs.local.jamgo.org\/wp-content\/uploads\/2023\/09\/Cales-de-Pachs-001.jpg\" style=\"object-position:50% 58%\" data-object-fit=\"cover\" data-object-position=\"50% 58%\" srcset=\"https:\/\/www.calespachs.com\/wp-content\/uploads\/2023\/09\/Cales-de-Pachs-001.jpg 850w, https:\/\/www.calespachs.com\/wp-content\/uploads\/2023\/09\/Cales-de-Pachs-001-300x169.jpg 300w, https:\/\/www.calespachs.com\/wp-content\/uploads\/2023\/09\/Cales-de-Pachs-001-768x432.jpg 768w\" sizes=\"auto, (max-width: 850px) 100vw, 850px\" \/><div class=\"wp-block-cover__inner-container is-layout-flow wp-block-cover-is-layout-flow\">\n<p class=\"has-text-align-center has-white-color has-text-color\" style=\"font-size:51px\">ECO RESPONSABLE<\/p>\n<\/div><\/div>\n<\/div>\n\n\n\n<div class=\"wp-block-column is-vertically-aligned-center is-layout-flow wp-block-column-is-layout-flow\">\n<p class=\"has-black-color has-text-color\">Chez Cales de Pachs, nous pensons que la responsabilit\u00e9 envers ce qui nous entoure s&rsquo;ajoute aux valeurs que notre entreprise veut v\u00e9hiculer. C&rsquo;est pourquoi nous garantissons le bien-\u00eatre de la soci\u00e9t\u00e9 qui entoure notre si\u00e8ge social et pr\u00e9servons l&rsquo;environnement naturel qui nous accueille.<\/p>\n<\/div>\n<\/div>\n<\/div><\/div>\n\n\n\n<p class=\"has-text-align-center mb-0 has-black-color has-text-color has-background has-large-font-size\" style=\"background-color:#337a6b\">APPLICATIONS ENVIRONNEMENT R&amp;D<\/p>\n\n\n<div class=\"entry-content flex flex-col content-center items-center self-center mb-3 w-full mt-0\" \n                        style=\"background: rgba(255,255,255,0.33);margin-top:0;\"><div class=\"w-full flex flex-row flex-wrap px-4 md:px-40  space-x-4 space-y-4 justify-center\" style=\"\" id=\"#selector-aplication\"><button id=\"btn-1516\"\n                                  class=\"rectngulo mx-4 mt-4 hidden md:flex justify-center items-center\" \n                                  attr-color=\"#337a6b\"\n                                  style=\"border-color:#337a6b; background-color:#337a6b;\">Lessiv\u00e9 dans des d\u00e9charges contr\u00f4l\u00e9es<\/button><button id=\"btn-1517\"\n                                  class=\"rectngulo mx-4 mt-4 hidden md:flex justify-center items-center\" \n                                  attr-color=\"#337a6b\"\n                                  style=\"border-color:#337a6b; background-color:;\">Sols contamin\u00e9s<\/button><button id=\"btn-1518\"\n                                  class=\"rectngulo mx-4 mt-4 hidden md:flex justify-center items-center\" \n                                  attr-color=\"#337a6b\"\n                                  style=\"border-color:#337a6b; background-color:;\">D\u00e9sulfuration des fum\u00e9es<\/button><button id=\"btn-1519\"\n                                  class=\"rectngulo mx-4 mt-4 hidden md:flex justify-center items-center\" \n                                  attr-color=\"#337a6b\"\n                                  style=\"border-color:#337a6b; background-color:;\">Traitement des boues<\/button><button id=\"btn-1520\"\n                                  class=\"rectngulo mx-4 mt-4 hidden md:flex justify-center items-center\" \n                                  attr-color=\"#337a6b\"\n                                  style=\"border-color:#337a6b; background-color:;\">Traitement des boues<\/button><button id=\"btn-1538\"\n                                  class=\"rectngulo mx-4 mt-4 hidden md:flex justify-center items-center\" \n                                  attr-color=\"#337a6b\"\n                                  style=\"border-color:#337a6b; background-color:;\">Purification des eaux urbaines et industrielles<\/button><button id=\"btn-1539\"\n                                  class=\"rectngulo mx-4 mt-4 hidden md:flex justify-center items-center\" \n                                  attr-color=\"#337a6b\"\n                                  style=\"border-color:#337a6b; background-color:;\">D\u00e9chets industriels<\/button><select id=\"aplications\" class=\"p-4 rectngulo w-full background-[#FFFFFF] md:hidden\"  style=\"border-color:#337a6b; background-color:\">><option \n                                  id=\"btn-1516\"\n                                  attr-color=\"#337a6b\"\n                                  value=1516\n                                  >Lessiv\u00e9 dans des d\u00e9charges contr\u00f4l\u00e9es<\/option><option \n                                  id=\"btn-1517\"\n                                  attr-color=\"#337a6b\"\n                                  value=1517\n                                  >Sols contamin\u00e9s<\/option><option \n                                  id=\"btn-1518\"\n                                  attr-color=\"#337a6b\"\n                                  value=1518\n                                  >D\u00e9sulfuration des fum\u00e9es<\/option><option \n                                  id=\"btn-1519\"\n                                  attr-color=\"#337a6b\"\n                                  value=1519\n                                  >Traitement des boues<\/option><option \n                                  id=\"btn-1520\"\n                                  attr-color=\"#337a6b\"\n                                  value=1520\n                                  >Traitement des boues<\/option><option \n                                  id=\"btn-1538\"\n                                  attr-color=\"#337a6b\"\n                                  value=1538\n                                  >Purification des eaux urbaines et industrielles<\/option><option \n                                  id=\"btn-1539\"\n                                  attr-color=\"#337a6b\"\n                                  value=1539\n                                  >D\u00e9chets industriels<\/option><\/select><\/div><div class=\"contenido-asociado grid grid-cols-2\tgap-4 pt-20 px-8 md:px-40 text-black mb-40\" id=\"contenido-1516\" style=\"\"><div><\/div><div><!-- wp:paragraph {\"translatedWithWPMLTM\":\"1\"} -->\n<p>Le traitement des d\u00e9charges contr\u00f4l\u00e9es \u00e0 la chaux insolubilise les m\u00e9taux lourds des lixiviats des d\u00e9charges, obtenant ainsi un solide inerte afin d'\u00e9viter la contamination des sols et des aquif\u00e8res.<\/p>\n<!-- \/wp:paragraph --><\/div><\/div><div class=\"contenido-asociado grid grid-cols-2\tgap-4 pt-20 px-8 md:px-40 text-black mb-40\" id=\"contenido-1517\" style=\"display:none\"><div><\/div><div><!-- wp:paragraph {\"translatedWithWPMLTM\":\"1\"} -->\n<p>Pour le traitement des sols contamin\u00e9s, la chaux bloque les m\u00e9taux lourds sous forme insoluble et participe \u00e0 l'extraction des hydrocarbures et des \u00e9l\u00e9ments organiques volatils.<\/p>\n<!-- \/wp:paragraph --><\/div><\/div><div class=\"contenido-asociado grid grid-cols-2\tgap-4 pt-20 px-8 md:px-40 text-black mb-40\" id=\"contenido-1518\" style=\"display:none\"><div><\/div><div><!-- wp:paragraph {\"translatedWithWPMLTM\":\"1\"} -->\n<p>L'utilisation de combustibles fossiles comme source d'\u00e9nergie g\u00e9n\u00e8re des \u00e9l\u00e9ments polluants SO2 et NOx dans l'atmosph\u00e8re, \u00e0 l'origine des pluies acides g\u00e9n\u00e9r\u00e9es par les incin\u00e9rateurs de d\u00e9chets urbains et industriels.<\/p>\n<!-- \/wp:paragraph --><!-- wp:paragraph {\"translatedWithWPMLTM\":\"1\"} -->\n<p>Dans les proc\u00e9d\u00e9s d'\u00e9puration s\u00e8che et semi-s\u00e8che, la chaux est utilis\u00e9e pour ses qualit\u00e9s d'absorption des polluants acides et des m\u00e9taux lourds contenus dans les effluents gazeux.<\/p>\n<!-- \/wp:paragraph --><!-- wp:paragraph {\"translatedWithWPMLTM\":\"1\"} -->\n<p>Dans les proc\u00e9d\u00e9s humides, la chaux est ajout\u00e9e \u00e0 la colonne gazeuse, ou \u00e0 la neutralisation des effluents aqueux dans la tour de lavage.<\/p>\n<!-- \/wp:paragraph --><!-- wp:paragraph {\"translatedWithWPMLTM\":\"1\"} -->\n<p>La chaux est le d\u00e9contaminant le plus appropri\u00e9 en raison de ses performances \u00e9lev\u00e9es, de son faible co\u00fbt et de sa facilit\u00e9 de manipulation. La surface sp\u00e9cifique \u00e9lev\u00e9e, la porosit\u00e9 et la taille des particules sont des caract\u00e9ristiques tr\u00e8s importantes \u00e0 ces fins.<\/p>\n<!-- \/wp:paragraph --><\/div><\/div><div class=\"contenido-asociado grid grid-cols-2\tgap-4 pt-20 px-8 md:px-40 text-black mb-40\" id=\"contenido-1519\" style=\"display:none\"><div><\/div><div><!-- wp:paragraph {\"translatedWithWPMLTM\":\"1\"} -->\n<p>Lorsque la dessiccation des boues est r\u00e9alis\u00e9e m\u00e9caniquement, la chaux peut \u00eatre utilis\u00e9e avec diff\u00e9rents objectifs dans les phases suivantes:<\/p>\n<!-- \/wp:paragraph --><!-- wp:paragraph {\"translatedWithWPMLTM\":\"1\"} -->\n<p><strong>A) AVANT LA FILTRATION.<\/strong> Le conditionnement est r\u00e9alis\u00e9 par ajout de coulis de chaux \u00e0 la boue liquide produisant un effet de coagulation des particules collo\u00efdales, une augmentation de la taille et du poids des \"flocons\", ainsi que de la teneur en mati\u00e8re s\u00e8che. Parall\u00e8lement, il am\u00e9liore la filtration de la boue et son assainissement (blocage des fermentations et \u00e9limination des organismes pathog\u00e8nes du fait d'une augmentation du pH).<\/p>\n<!-- \/wp:paragraph --><!-- wp:paragraph {\"translatedWithWPMLTM\":\"1\"} -->\n<p><strong>B) APR\u00c8S FILTRATION.<\/strong> La stabilisation et le s\u00e9chage sont obtenus en ajoutant de la chaux vive \u00e0 la boue. On obtient ainsi une augmentation de la teneur en mati\u00e8re s\u00e8che. Le m\u00e9lange d'eau avec de la chaux produit une augmentation de temp\u00e9rature et l'union d'une mol\u00e9cule d'eau avec une mol\u00e9cule d'oxyde de calcium provoque le s\u00e9chage de la boue. La chaleur d'hydratation de 1 kg de chaux peut chauffer 2 litres d'eau de 0\u00baC jusqu'\u00e0 son point d'\u00e9bullition, 100\u00baC. Une assainissement de la boue se produit \u00e9galement en raison d\u2019une augmentation du pH et de la temp\u00e9rature.&#13;\n&#13;\n\u00a0<\/p>\n<!-- \/wp:paragraph --><!-- wp:image {\"id\":195} -->\n<figure class=\"wp-block-image\"><img loading=\"lazy\" decoding=\"async\" width=\"300\" height=\"105\" src=\"http:\/\/calespachs.local.jamgo.org\/wp-content\/uploads\/2023\/07\/logo-Technical-NET-300x105.png\" alt=\"\" class=\"wp-image-195\" srcset=\"https:\/\/www.calespachs.com\/wp-content\/uploads\/2023\/07\/logo-Technical-NET-300x105.png 300w, https:\/\/www.calespachs.com\/wp-content\/uploads\/2023\/07\/logo-Technical-NET.png 450w\" sizes=\"auto, (max-width: 300px) 100vw, 300px\" \/><\/figure>\n<!-- \/wp:image --><!-- wp:image {\"id\":196} -->\n<figure class=\"wp-block-image\"><img loading=\"lazy\" decoding=\"async\" width=\"300\" height=\"105\" src=\"http:\/\/calespachs.local.jamgo.org\/wp-content\/uploads\/2023\/07\/logo-Technical-NET-system-300x105.png\" alt=\"\" class=\"wp-image-196\" srcset=\"https:\/\/www.calespachs.com\/wp-content\/uploads\/2023\/07\/logo-Technical-NET-system-300x105.png 300w, https:\/\/www.calespachs.com\/wp-content\/uploads\/2023\/07\/logo-Technical-NET-system.png 450w\" sizes=\"auto, (max-width: 300px) 100vw, 300px\" \/><\/figure>\n<!-- \/wp:image --><\/div><\/div><div class=\"contenido-asociado grid grid-cols-2\tgap-4 pt-20 px-8 md:px-40 text-black mb-40\" id=\"contenido-1520\" style=\"display:none\"><div><\/div><div><!-- wp:paragraph {\"translatedWithWPMLTM\":\"1\"} -->\n<p>Dans le traitement des lisiers liquides et autres effluents de l'\u00e9levage bovin, la chaux garantit l'\u00e9puration en d\u00e9truisant les germes pathog\u00e8nes, la d\u00e9sodorisation et la d\u00e9cantation.<\/p>\n<!-- \/wp:paragraph --><\/div><\/div><div class=\"contenido-asociado grid grid-cols-2\tgap-4 pt-20 px-8 md:px-40 text-black mb-40\" id=\"contenido-1538\" style=\"display:none\"><div><\/div><div><!-- wp:paragraph {\"translatedWithWPMLTM\":\"1\"} -->\n<p>La chaux est un produit inoffensif dans les techniques de purification de l'eau, elle est facile \u00e0 manipuler et sert de base pour corriger un pH trop acide :<\/p>\n<!-- \/wp:paragraph --><!-- wp:list -->\n<ul><!-- wp:list-item {\"translatedWithWPMLTM\":\"1\"} -->\n<li>Comme agent de coagulation, de floculation, de neutralisation et de d\u00e9cantation des mati\u00e8res en suspension facilitant la s\u00e9paration liquide\/solide.<\/li>\n<!-- \/wp:list-item -->\n\n<!-- wp:list-item {\"translatedWithWPMLTM\":\"1\"} -->\n<li>Pr\u00e9cipiter les \u00e9l\u00e9ments toxiques (m\u00e9taux lourds : plomb, chrome, cuivre, mangan\u00e8se, nickel, arsenic, cadmium, zinc, aluminium, fer, etc...) qui se dissolvent et pr\u00e9cipitent sous forme d'hydroxyde, et nocifs (nitrates et phosphates). sous forme de sels insolubles).&#13;\n<\/li>\n<!-- \/wp:list-item -->\n\n<!-- wp:list-item {\"translatedWithWPMLTM\":\"1\"} -->\n<li>D\u00e9sinfecter en \u00e9liminant les bact\u00e9ries ou virus, ainsi que la suppression radicale des mauvaises odeurs.<\/li>\n<!-- \/wp:list-item --><\/ul>\n<!-- \/wp:list --><!-- wp:paragraph {\"translatedWithWPMLTM\":\"1\"} -->\n<p>Dans l'eau potable, la chaux r\u00e9\u00e9quilibre la proportion de calcium dans l'eau. La chaux remin\u00e9ralise les eaux trop douces ou d\u00e9carbonate les eaux trop dures (ce qui laisse des d\u00e9p\u00f4ts calcaires).<\/p>\n<!-- \/wp:paragraph --><\/div><\/div><div class=\"contenido-asociado grid grid-cols-2\tgap-4 pt-20 px-8 md:px-40 text-black mb-40\" id=\"contenido-1539\" style=\"display:none\"><div><\/div><div><!-- wp:paragraph {\"translatedWithWPMLTM\":\"1\"} -->\n<p>Dans le traitement des d\u00e9chets industriels, la chaux participe aux phases de d\u00e9carbonatation et de clarification.<\/p>\n<!-- \/wp:paragraph --><\/div><\/div><\/div>\n","protected":false},"excerpt":{"rendered":"<p>La philosophie de Cales de Pachs est bas\u00e9e sur la croissance durable et la responsabilit\u00e9 sociale. Depuis plus d&rsquo;une d\u00e9cennie, nous utilisons de l&rsquo;\u00e9nergie verte dans nos processus de production et nous collaborons avec les municipalit\u00e9s qui nous entourent pour maintenir l&rsquo;\u00e9quilibre entre notre activit\u00e9 et la soci\u00e9t\u00e9 qui nous entoure. \u00c0 Cales de Pachs, [&hellip;]<\/p>\n","protected":false},"author":1,"featured_media":306,"parent":0,"menu_order":0,"comment_status":"closed","ping_status":"closed","template":"","meta":{"_acf_changed":false,"footnotes":""},"class_list":["post-1042","page","type-page","status-publish","has-post-thumbnail","hentry"],"acf":[],"_links":{"self":[{"href":"https:\/\/www.calespachs.com\/fr\/wp-json\/wp\/v2\/pages\/1042","targetHints":{"allow":["GET"]}}],"collection":[{"href":"https:\/\/www.calespachs.com\/fr\/wp-json\/wp\/v2\/pages"}],"about":[{"href":"https:\/\/www.calespachs.com\/fr\/wp-json\/wp\/v2\/types\/page"}],"author":[{"embeddable":true,"href":"https:\/\/www.calespachs.com\/fr\/wp-json\/wp\/v2\/users\/1"}],"replies":[{"embeddable":true,"href":"https:\/\/www.calespachs.com\/fr\/wp-json\/wp\/v2\/comments?post=1042"}],"version-history":[{"count":3,"href":"https:\/\/www.calespachs.com\/fr\/wp-json\/wp\/v2\/pages\/1042\/revisions"}],"predecessor-version":[{"id":2011,"href":"https:\/\/www.calespachs.com\/fr\/wp-json\/wp\/v2\/pages\/1042\/revisions\/2011"}],"wp:featuredmedia":[{"embeddable":true,"href":"https:\/\/www.calespachs.com\/fr\/wp-json\/wp\/v2\/media\/306"}],"wp:attachment":[{"href":"https:\/\/www.calespachs.com\/fr\/wp-json\/wp\/v2\/media?parent=1042"}],"curies":[{"name":"wp","href":"https:\/\/api.w.org\/{rel}","templated":true}]}}